{"id":6450,"date":"2024-09-09T11:43:57","date_gmt":"2024-09-09T09:43:57","guid":{"rendered":"http:\/\/new.tex-rail-training.be.w01d422b.kasserver.com\/salle-de-presse\/"},"modified":"2025-07-02T13:13:25","modified_gmt":"2025-07-02T11:13:25","slug":"salle-de-presse","status":"publish","type":"page","link":"https:\/\/www.tex-rail-training.be\/fr\/salle-de-presse\/","title":{"rendered":"Salle de presse"},"content":{"rendered":"\t\t<div data-elementor-type=\"wp-page\" data-elementor-id=\"6450\" class=\"elementor elementor-6450 elementor-4860\" data-elementor-post-type=\"page\">\n\t\t\t\t<div class=\"elementor-element elementor-element-8826706 e-flex e-con-boxed e-con e-parent\" data-id=\"8826706\" data-element_type=\"container\">\n\t\t\t\t\t<div class=\"e-con-inner\">\n\t\t<div class=\"elementor-element elementor-element-fafc90e e-con-full e-flex e-con e-child\" data-id=\"fafc90e\" data-element_type=\"container\">\n\t\t<div class=\"elementor-element elementor-element-f016b70 e-con-full e-flex e-con e-child\" data-id=\"f016b70\" data-element_type=\"container\">\n\t\t\t\t<div class=\"elementor-element elementor-element-8fa6490 elementor-widget elementor-widget-text-editor\" data-id=\"8fa6490\" data-element_type=\"widget\" data-widget_type=\"text-editor.default\">\n\t\t\t\t<div class=\"elementor-widget-container\">\n\t\t\t\t\t\t\t\t\t<h1><strong>Salle de presse<\/strong><\/h1>\t\t\t\t\t\t\t\t<\/div>\n\t\t\t\t<\/div>\n\t\t\t\t<\/div>\n\t\t<div class=\"elementor-element elementor-element-3b13308 e-con-full e-flex e-con e-child\" data-id=\"3b13308\" data-element_type=\"container\">\n\t\t\t\t<div class=\"elementor-element elementor-element-cabceaf animated-slow elementor-invisible elementor-widget elementor-widget-text-editor\" data-id=\"cabceaf\" data-element_type=\"widget\" data-settings=\"{&quot;_animation&quot;:&quot;fadeIn&quot;}\" data-widget_type=\"text-editor.default\">\n\t\t\t\t<div class=\"elementor-widget-container\">\n\t\t\t\t\t\t\t\t\t<p class=\"p1\">TEX Rail Training Belgi\u00eb est une \u00e9cole de formation <strong>ind\u00e9pendante<\/strong> pour les conducteurs de train et autres professionnels du secteur ferroviaire.<\/p><p class=\"p1\">Nous sommes une entreprise dynamique et nous avons donc r\u00e9guli\u00e8rement de nouvelles informations \u00e0 vous communiquer.<\/p>\t\t\t\t\t\t\t\t<\/div>\n\t\t\t\t<\/div>\n\t\t\t\t<\/div>\n\t\t\t\t<\/div>\n\t\t<div class=\"elementor-element elementor-element-3810639 e-con-full e-flex e-con e-child\" data-id=\"3810639\" data-element_type=\"container\">\n\t\t<div class=\"elementor-element elementor-element-b814591 e-con-full elementor-hidden-mobile e-flex e-con e-child\" data-id=\"b814591\" data-element_type=\"container\">\n\t\t<div class=\"elementor-element elementor-element-1682bfc e-con-full elementor-hidden-mobile e-flex e-con e-child\" data-id=\"1682bfc\" data-element_type=\"container\" data-settings=\"{&quot;background_background&quot;:&quot;classic&quot;}\">\n\t\t\t\t<\/div>\n\t\t\t\t<\/div>\n\t\t\t\t<div class=\"elementor-element elementor-element-5193329 elementor-hidden-desktop elementor-hidden-tablet elementor-widget elementor-widget-image\" data-id=\"5193329\" data-element_type=\"widget\" data-widget_type=\"image.default\">\n\t\t\t\t<div class=\"elementor-widget-container\">\n\t\t\t\t\t\t\t\t\t\t\t\t\t\t\t<img fetchpriority=\"high\" decoding=\"async\" width=\"390\" height=\"250\" src=\"https:\/\/www.tex-rail-training.be\/wp-content\/uploads\/2024\/09\/Training_Mobile.png\" class=\"attachment-full size-full wp-image-5452\" alt=\"\" srcset=\"https:\/\/www.tex-rail-training.be\/wp-content\/uploads\/2024\/09\/Training_Mobile.png 390w, https:\/\/www.tex-rail-training.be\/wp-content\/uploads\/2024\/09\/Training_Mobile-300x192.png 300w\" sizes=\"(max-width: 390px) 100vw, 390px\" \/>\t\t\t\t\t\t\t\t\t\t\t\t\t\t\t<\/div>\n\t\t\t\t<\/div>\n\t\t\t\t<\/div>\n\t\t\t\t\t<\/div>\n\t\t\t\t<\/div>\n\t\t<div class=\"elementor-element elementor-element-6a227cd e-flex e-con-boxed e-con e-parent\" data-id=\"6a227cd\" data-element_type=\"container\">\n\t\t\t\t\t<div class=\"e-con-inner\">\n\t\t<div class=\"elementor-element elementor-element-2ca768b e-con-full e-flex e-con e-child\" data-id=\"2ca768b\" data-element_type=\"container\">\n\t\t\t\t<div class=\"elementor-element elementor-element-3b5e20f elementor-invisible elementor-widget elementor-widget-image\" data-id=\"3b5e20f\" data-element_type=\"widget\" data-settings=\"{&quot;_animation&quot;:&quot;fadeIn&quot;}\" data-widget_type=\"image.default\">\n\t\t\t\t<div class=\"elementor-widget-container\">\n\t\t\t\t\t\t\t\t\t\t\t\t\t\t\t<img decoding=\"async\" width=\"2359\" height=\"1362\" src=\"https:\/\/www.tex-rail-training.be\/wp-content\/uploads\/2025\/05\/Fotos-Compact-Simulator.webp\" class=\"attachment-full size-full wp-image-5616\" alt=\"\" \/>\t\t\t\t\t\t\t\t\t\t\t\t\t\t\t<\/div>\n\t\t\t\t<\/div>\n\t\t\t\t<\/div>\n\t\t<div class=\"elementor-element elementor-element-2a88d87 e-con-full e-flex e-con e-child\" data-id=\"2a88d87\" data-element_type=\"container\">\n\t\t\t\t<div class=\"elementor-element elementor-element-bf42bf5 elementor-widget elementor-widget-text-editor\" data-id=\"bf42bf5\" data-element_type=\"widget\" data-widget_type=\"text-editor.default\">\n\t\t\t\t<div class=\"elementor-widget-container\">\n\t\t\t\t\t\t\t\t\t<h3 data-start=\"100\" data-end=\"153\">Restez \u00e0 l&rsquo;\u00e9coute pour<\/h3><h3 data-start=\"100\" data-end=\"153\"><strong data-start=\"113\" data-end=\"164\">TEX Rail Training Belgium<\/strong><\/h3><p data-start=\"155\" data-end=\"256\"> <\/p>\t\t\t\t\t\t\t\t<\/div>\n\t\t\t\t<\/div>\n\t\t\t\t<div class=\"elementor-element elementor-element-4ae255b elementor-widget elementor-widget-text-editor\" data-id=\"4ae255b\" data-element_type=\"widget\" data-widget_type=\"text-editor.default\">\n\t\t\t\t<div class=\"elementor-widget-container\">\n\t\t\t\t\t\t\t\t\t<p data-start=\"113\" data-end=\"164\">  Vous voulez suivre les derni\u00e8res nouvelles de TEX Rail Training Belgium ? Ou avez-vous quelque chose d&rsquo;int\u00e9ressant \u00e0 partager ? <\/p><p data-start=\"267\" data-end=\"474\">Vous \u00eates un passionn\u00e9 de trains et vous avez des photos impressionnantes de trains de marchandises ?<br data-start=\"340\" data-end=\"343\">Un conducteur de train avec une vue unique depuis la cabine ?<br data-start=\"403\" data-end=\"406\">Ou avez-vous pris un joli selfie pendant l&rsquo;une de nos formations ?<\/p><p data-start=\"476\" data-end=\"620\">Partagez votre photo ou votre histoire avec nous via <strong data-start=\"512\" data-end=\"543\"><a class=\"cursor-pointer\" rel=\"noopener\" data-start=\"514\" data-end=\"541\">talent@tex-rail-training.be. <\/a><\/strong>Qui sait, peut-\u00eatre vous retrouverez-vous bient\u00f4t sur notre site web ou nos r\u00e9seaux sociaux !<\/p>\t\t\t\t\t\t\t\t<\/div>\n\t\t\t\t<\/div>\n\t\t\t\t<\/div>\n\t\t\t\t\t<\/div>\n\t\t\t\t<\/div>\n\t\t<div class=\"elementor-element elementor-element-4fb73ff1 e-flex e-con-boxed e-con e-parent\" data-id=\"4fb73ff1\" data-element_type=\"container\">\n\t\t\t\t\t<div class=\"e-con-inner\">\n\t\t<div class=\"elementor-element elementor-element-349ae81b e-con-full e-flex e-con e-child\" data-id=\"349ae81b\" data-element_type=\"container\">\n\t\t\t\t<div class=\"elementor-element elementor-element-73374bda elementor-widget-tablet__width-inherit elementor-grid-3 elementor-grid-tablet-2 elementor-grid-mobile-1 elementor-widget elementor-widget-loop-grid\" data-id=\"73374bda\" data-element_type=\"widget\" data-settings=\"{&quot;template_id&quot;:4937,&quot;pagination_type&quot;:&quot;load_more_on_click&quot;,&quot;columns&quot;:3,&quot;_skin&quot;:&quot;post&quot;,&quot;columns_tablet&quot;:&quot;2&quot;,&quot;columns_mobile&quot;:&quot;1&quot;,&quot;edit_handle_selector&quot;:&quot;[data-elementor-type=\\&quot;loop-item\\&quot;]&quot;,&quot;load_more_spinner&quot;:{&quot;value&quot;:&quot;fas fa-spinner&quot;,&quot;library&quot;:&quot;fa-solid&quot;},&quot;row_gap&quot;:{&quot;unit&quot;:&quot;px&quot;,&quot;size&quot;:&quot;&quot;,&quot;sizes&quot;:[]},&quot;row_gap_tablet&quot;:{&quot;unit&quot;:&quot;px&quot;,&quot;size&quot;:&quot;&quot;,&quot;sizes&quot;:[]},&quot;row_gap_mobile&quot;:{&quot;unit&quot;:&quot;px&quot;,&quot;size&quot;:&quot;&quot;,&quot;sizes&quot;:[]}}\" data-widget_type=\"loop-grid.post\">\n\t\t\t\t<div class=\"elementor-widget-container\">\n\t\t\t\t\t\t\t<div class=\"e-loop-nothing-found-message\">\n\t\t<\/div>\n\t\t\t\t\t\t<\/div>\n\t\t\t\t<\/div>\n\t\t\t\t<\/div>\n\t\t\t\t\t<\/div>\n\t\t\t\t<\/div>\n\t\t<div class=\"elementor-element elementor-element-a70bbae e-con-full e-flex e-con e-parent\" data-id=\"a70bbae\" data-element_type=\"container\">\n\t\t\t\t<\/div>\n\t\t\t\t<\/div>\n\t\t","protected":false},"excerpt":{"rendered":"<p>Salle de presse TEX Rail Training Belgi\u00eb est une \u00e9cole de formation ind\u00e9pendante pour les conducteurs de train et autres professionnels du secteur ferroviaire. Nous sommes une entreprise dynamique et nous avons donc r\u00e9guli\u00e8rement de nouvelles informations \u00e0 vous communiquer. Restez \u00e0 l&rsquo;\u00e9coute pour TEX Rail Training Belgium Vous voulez suivre les derni\u00e8res nouvelles de [&hellip;]<\/p>\n","protected":false},"author":3,"featured_media":0,"parent":0,"menu_order":0,"comment_status":"closed","ping_status":"closed","template":"","meta":{"_acf_changed":false,"inline_featured_image":false,"footnotes":""},"class_list":["post-6450","page","type-page","status-publish","hentry"],"acf":[],"yoast_head":"<!-- This site is optimized with the Yoast SEO plugin v25.4 - https:\/\/yoast.com\/wordpress\/plugins\/seo\/ -->\n<title>Salle de presse - Trans Europa Express Holding<\/title>\n<meta name=\"robots\" content=\"index, follow, max-snippet:-1, max-image-preview:large, max-video-preview:-1\" \/>\n<link rel=\"canonical\" href=\"https:\/\/www.tex-rail-training.be\/fr\/salle-de-presse\/\" \/>\n<meta property=\"og:locale\" content=\"fr_FR\" \/>\n<meta property=\"og:type\" content=\"article\" \/>\n<meta property=\"og:title\" content=\"Salle de presse - Trans Europa Express Holding\" \/>\n<meta property=\"og:description\" content=\"Salle de presse TEX Rail Training Belgi\u00eb est une \u00e9cole de formation ind\u00e9pendante pour les conducteurs de train et autres professionnels du secteur ferroviaire. Nous sommes une entreprise dynamique et nous avons donc r\u00e9guli\u00e8rement de nouvelles informations \u00e0 vous communiquer. Restez \u00e0 l&rsquo;\u00e9coute pour TEX Rail Training Belgium Vous voulez suivre les derni\u00e8res nouvelles de [&hellip;]\" \/>\n<meta property=\"og:url\" content=\"https:\/\/www.tex-rail-training.be\/fr\/salle-de-presse\/\" \/>\n<meta property=\"og:site_name\" content=\"Trans Europa Express Holding\" \/>\n<meta property=\"article:modified_time\" content=\"2025-07-02T11:13:25+00:00\" \/>\n<meta property=\"og:image\" content=\"https:\/\/www.tex-rail-training.be\/wp-content\/uploads\/2024\/09\/Training_Mobile.webp\" \/>\n\t<meta property=\"og:image:width\" content=\"390\" \/>\n\t<meta property=\"og:image:height\" content=\"250\" \/>\n\t<meta property=\"og:image:type\" content=\"image\/webp\" \/>\n<meta name=\"twitter:card\" content=\"summary_large_image\" \/>\n<meta name=\"twitter:label1\" content=\"Dur\u00e9e de lecture estim\u00e9e\" \/>\n\t<meta name=\"twitter:data1\" content=\"1 minute\" \/>\n<script type=\"application\/ld+json\" class=\"yoast-schema-graph\">{\"@context\":\"https:\/\/schema.org\",\"@graph\":[{\"@type\":\"WebPage\",\"@id\":\"https:\/\/www.tex-rail-training.be\/fr\/salle-de-presse\/\",\"url\":\"https:\/\/www.tex-rail-training.be\/fr\/salle-de-presse\/\",\"name\":\"Salle de presse - Trans Europa Express Holding\",\"isPartOf\":{\"@id\":\"https:\/\/www.tex-rail-training.be\/fr\/#website\"},\"primaryImageOfPage\":{\"@id\":\"https:\/\/www.tex-rail-training.be\/fr\/salle-de-presse\/#primaryimage\"},\"image\":{\"@id\":\"https:\/\/www.tex-rail-training.be\/fr\/salle-de-presse\/#primaryimage\"},\"thumbnailUrl\":\"https:\/\/www.tex-rail-training.be\/wp-content\/uploads\/2024\/09\/Training_Mobile.webp\",\"datePublished\":\"2024-09-09T09:43:57+00:00\",\"dateModified\":\"2025-07-02T11:13:25+00:00\",\"breadcrumb\":{\"@id\":\"https:\/\/www.tex-rail-training.be\/fr\/salle-de-presse\/#breadcrumb\"},\"inLanguage\":\"fr-FR\",\"potentialAction\":[{\"@type\":\"ReadAction\",\"target\":[\"https:\/\/www.tex-rail-training.be\/fr\/salle-de-presse\/\"]}]},{\"@type\":\"ImageObject\",\"inLanguage\":\"fr-FR\",\"@id\":\"https:\/\/www.tex-rail-training.be\/fr\/salle-de-presse\/#primaryimage\",\"url\":\"https:\/\/www.tex-rail-training.be\/wp-content\/uploads\/2024\/09\/Training_Mobile.webp\",\"contentUrl\":\"https:\/\/www.tex-rail-training.be\/wp-content\/uploads\/2024\/09\/Training_Mobile.webp\"},{\"@type\":\"BreadcrumbList\",\"@id\":\"https:\/\/www.tex-rail-training.be\/fr\/salle-de-presse\/#breadcrumb\",\"itemListElement\":[{\"@type\":\"ListItem\",\"position\":1,\"name\":\"Startseite\",\"item\":\"https:\/\/www.tex-rail-training.be\/fr\/\"},{\"@type\":\"ListItem\",\"position\":2,\"name\":\"Salle de presse\"}]},{\"@type\":\"WebSite\",\"@id\":\"https:\/\/www.tex-rail-training.be\/fr\/#website\",\"url\":\"https:\/\/www.tex-rail-training.be\/fr\/\",\"name\":\"Trans Europa Express Holding\",\"description\":\"\",\"publisher\":{\"@id\":\"https:\/\/www.tex-rail-training.be\/fr\/#organization\"},\"potentialAction\":[{\"@type\":\"SearchAction\",\"target\":{\"@type\":\"EntryPoint\",\"urlTemplate\":\"https:\/\/www.tex-rail-training.be\/fr\/?s={search_term_string}\"},\"query-input\":{\"@type\":\"PropertyValueSpecification\",\"valueRequired\":true,\"valueName\":\"search_term_string\"}}],\"inLanguage\":\"fr-FR\"},{\"@type\":\"Organization\",\"@id\":\"https:\/\/www.tex-rail-training.be\/fr\/#organization\",\"name\":\"Trans Europa Express Holding\",\"url\":\"https:\/\/www.tex-rail-training.be\/fr\/\",\"logo\":{\"@type\":\"ImageObject\",\"inLanguage\":\"fr-FR\",\"@id\":\"https:\/\/www.tex-rail-training.be\/fr\/#\/schema\/logo\/image\/\",\"url\":\"https:\/\/www.tex-rail-training.be\/wp-content\/uploads\/2024\/08\/Logo_Text_Rail_Training_Farbe.svg\",\"contentUrl\":\"https:\/\/www.tex-rail-training.be\/wp-content\/uploads\/2024\/08\/Logo_Text_Rail_Training_Farbe.svg\",\"width\":555,\"height\":329,\"caption\":\"Trans Europa Express Holding\"},\"image\":{\"@id\":\"https:\/\/www.tex-rail-training.be\/fr\/#\/schema\/logo\/image\/\"}}]}<\/script>\n<!-- \/ Yoast SEO plugin. -->","yoast_head_json":{"title":"Salle de presse - Trans Europa Express Holding","robots":{"index":"index","follow":"follow","max-snippet":"max-snippet:-1","max-image-preview":"max-image-preview:large","max-video-preview":"max-video-preview:-1"},"canonical":"https:\/\/www.tex-rail-training.be\/fr\/salle-de-presse\/","og_locale":"fr_FR","og_type":"article","og_title":"Salle de presse - Trans Europa Express Holding","og_description":"Salle de presse TEX Rail Training Belgi\u00eb est une \u00e9cole de formation ind\u00e9pendante pour les conducteurs de train et autres professionnels du secteur ferroviaire. Nous sommes une entreprise dynamique et nous avons donc r\u00e9guli\u00e8rement de nouvelles informations \u00e0 vous communiquer. Restez \u00e0 l&rsquo;\u00e9coute pour TEX Rail Training Belgium Vous voulez suivre les derni\u00e8res nouvelles de [&hellip;]","og_url":"https:\/\/www.tex-rail-training.be\/fr\/salle-de-presse\/","og_site_name":"Trans Europa Express Holding","article_modified_time":"2025-07-02T11:13:25+00:00","og_image":[{"width":390,"height":250,"url":"https:\/\/www.tex-rail-training.be\/wp-content\/uploads\/2024\/09\/Training_Mobile.webp","type":"image\/webp"}],"twitter_card":"summary_large_image","twitter_misc":{"Dur\u00e9e de lecture estim\u00e9e":"1 minute"},"schema":{"@context":"https:\/\/schema.org","@graph":[{"@type":"WebPage","@id":"https:\/\/www.tex-rail-training.be\/fr\/salle-de-presse\/","url":"https:\/\/www.tex-rail-training.be\/fr\/salle-de-presse\/","name":"Salle de presse - Trans Europa Express Holding","isPartOf":{"@id":"https:\/\/www.tex-rail-training.be\/fr\/#website"},"primaryImageOfPage":{"@id":"https:\/\/www.tex-rail-training.be\/fr\/salle-de-presse\/#primaryimage"},"image":{"@id":"https:\/\/www.tex-rail-training.be\/fr\/salle-de-presse\/#primaryimage"},"thumbnailUrl":"https:\/\/www.tex-rail-training.be\/wp-content\/uploads\/2024\/09\/Training_Mobile.webp","datePublished":"2024-09-09T09:43:57+00:00","dateModified":"2025-07-02T11:13:25+00:00","breadcrumb":{"@id":"https:\/\/www.tex-rail-training.be\/fr\/salle-de-presse\/#breadcrumb"},"inLanguage":"fr-FR","potentialAction":[{"@type":"ReadAction","target":["https:\/\/www.tex-rail-training.be\/fr\/salle-de-presse\/"]}]},{"@type":"ImageObject","inLanguage":"fr-FR","@id":"https:\/\/www.tex-rail-training.be\/fr\/salle-de-presse\/#primaryimage","url":"https:\/\/www.tex-rail-training.be\/wp-content\/uploads\/2024\/09\/Training_Mobile.webp","contentUrl":"https:\/\/www.tex-rail-training.be\/wp-content\/uploads\/2024\/09\/Training_Mobile.webp"},{"@type":"BreadcrumbList","@id":"https:\/\/www.tex-rail-training.be\/fr\/salle-de-presse\/#breadcrumb","itemListElement":[{"@type":"ListItem","position":1,"name":"Startseite","item":"https:\/\/www.tex-rail-training.be\/fr\/"},{"@type":"ListItem","position":2,"name":"Salle de presse"}]},{"@type":"WebSite","@id":"https:\/\/www.tex-rail-training.be\/fr\/#website","url":"https:\/\/www.tex-rail-training.be\/fr\/","name":"Trans Europa Express Holding","description":"","publisher":{"@id":"https:\/\/www.tex-rail-training.be\/fr\/#organization"},"potentialAction":[{"@type":"SearchAction","target":{"@type":"EntryPoint","urlTemplate":"https:\/\/www.tex-rail-training.be\/fr\/?s={search_term_string}"},"query-input":{"@type":"PropertyValueSpecification","valueRequired":true,"valueName":"search_term_string"}}],"inLanguage":"fr-FR"},{"@type":"Organization","@id":"https:\/\/www.tex-rail-training.be\/fr\/#organization","name":"Trans Europa Express Holding","url":"https:\/\/www.tex-rail-training.be\/fr\/","logo":{"@type":"ImageObject","inLanguage":"fr-FR","@id":"https:\/\/www.tex-rail-training.be\/fr\/#\/schema\/logo\/image\/","url":"https:\/\/www.tex-rail-training.be\/wp-content\/uploads\/2024\/08\/Logo_Text_Rail_Training_Farbe.svg","contentUrl":"https:\/\/www.tex-rail-training.be\/wp-content\/uploads\/2024\/08\/Logo_Text_Rail_Training_Farbe.svg","width":555,"height":329,"caption":"Trans Europa Express Holding"},"image":{"@id":"https:\/\/www.tex-rail-training.be\/fr\/#\/schema\/logo\/image\/"}}]}},"_links":{"self":[{"href":"https:\/\/www.tex-rail-training.be\/fr\/wp-json\/wp\/v2\/pages\/6450","targetHints":{"allow":["GET"]}}],"collection":[{"href":"https:\/\/www.tex-rail-training.be\/fr\/wp-json\/wp\/v2\/pages"}],"about":[{"href":"https:\/\/www.tex-rail-training.be\/fr\/wp-json\/wp\/v2\/types\/page"}],"author":[{"embeddable":true,"href":"https:\/\/www.tex-rail-training.be\/fr\/wp-json\/wp\/v2\/users\/3"}],"replies":[{"embeddable":true,"href":"https:\/\/www.tex-rail-training.be\/fr\/wp-json\/wp\/v2\/comments?post=6450"}],"version-history":[{"count":6,"href":"https:\/\/www.tex-rail-training.be\/fr\/wp-json\/wp\/v2\/pages\/6450\/revisions"}],"predecessor-version":[{"id":6897,"href":"https:\/\/www.tex-rail-training.be\/fr\/wp-json\/wp\/v2\/pages\/6450\/revisions\/6897"}],"wp:attachment":[{"href":"https:\/\/www.tex-rail-training.be\/fr\/wp-json\/wp\/v2\/media?parent=6450"}],"curies":[{"name":"wp","href":"https:\/\/api.w.org\/{rel}","templated":true}]}}